{"id":42,"date":"2023-11-30T19:08:13","date_gmt":"2023-11-30T18:08:13","guid":{"rendered":"http:\/\/visualplussoptica.com\/sitio\/?page_id=42"},"modified":"2024-04-09T16:22:34","modified_gmt":"2024-04-09T14:22:34","slug":"quienes-somos","status":"publish","type":"page","link":"https:\/\/visualplussoptica.com\/sitio\/quienes-somos\/","title":{"rendered":"\u00bfQui\u00e9nes somos?"},"content":{"rendered":"\t\t<div data-elementor-type=\"wp-page\" data-elementor-id=\"42\" class=\"elementor elementor-42\" data-elementor-post-type=\"page\">\n\t\t\t\t\t\t\t<div class=\"elementor-element elementor-element-9bfd666 e-con-boxed e-flex e-con\" data-id=\"9bfd666\" data-element_type=\"container\" data-settings=\"{&quot;content_width&quot;:&quot;boxed&quot;}\">\n\t\t\t\t\t<div class=\"e-con-inner\">\n\t\t<div class=\"elementor-element elementor-element-12fece7 e-con-boxed e-flex e-con\" data-id=\"12fece7\" data-element_type=\"container\" data-settings=\"{&quot;content_width&quot;:&quot;boxed&quot;}\">\n\t\t\t\t\t<div class=\"e-con-inner\">\n\t\t\t\t<div class=\"elementor-element elementor-element-49da207 elementor-widget elementor-widget-heading\" data-id=\"49da207\" data-element_type=\"widget\" data-widget_type=\"heading.default\">\n\t\t\t\t<div class=\"elementor-widget-container\">\n\t\t\t<style>\/*! elementor - v3.13.3 - 28-05-2023 *\/\n.elementor-heading-title{padding:0;margin:0;line-height:1}.elementor-widget-heading .elementor-heading-title[class*=elementor-size-]>a{color:inherit;font-size:inherit;line-height:inherit}.elementor-widget-heading .elementor-heading-title.elementor-size-small{font-size:15px}.elementor-widget-heading .elementor-heading-title.elementor-size-medium{font-size:19px}.elementor-widget-heading .elementor-heading-title.elementor-size-large{font-size:29px}.elementor-widget-heading .elementor-heading-title.elementor-size-xl{font-size:39px}.elementor-widget-heading .elementor-heading-title.elementor-size-xxl{font-size:59px}<\/style><h2 class=\"elementor-heading-title elementor-size-default\">Misi\u00f3n<\/h2>\t\t<\/div>\n\t\t\t\t<\/div>\n\t\t\t\t<div class=\"elementor-element elementor-element-6904d46 elementor-widget elementor-widget-text-editor\" data-id=\"6904d46\" data-element_type=\"widget\" data-widget_type=\"text-editor.default\">\n\t\t\t\t<div class=\"elementor-widget-container\">\n\t\t\t<style>\/*! elementor - v3.13.3 - 28-05-2023 *\/\n.elementor-widget-text-editor.elementor-drop-cap-view-stacked .elementor-drop-cap{background-color:#69727d;color:#fff}.elementor-widget-text-editor.elementor-drop-cap-view-framed .elementor-drop-cap{color:#69727d;border:3px solid;background-color:transparent}.elementor-widget-text-editor:not(.elementor-drop-cap-view-default) .elementor-drop-cap{margin-top:8px}.elementor-widget-text-editor:not(.elementor-drop-cap-view-default) .elementor-drop-cap-letter{width:1em;height:1em}.elementor-widget-text-editor .elementor-drop-cap{float:left;text-align:center;line-height:1;font-size:50px}.elementor-widget-text-editor .elementor-drop-cap-letter{display:inline-block}<\/style>\t\t\t\t<p>Somos una empresa con presencia nacional comprometidos a resolver los problemas de salud visual de la poblaci\u00f3n Colombiana a trav\u00e9s de servicios profesionales de optometr\u00eda con equipos digitales de \u00faltima generaci\u00f3n. Adem\u00e1s una gran variedad de productos de vanguardia de la m\u00e1s alta calidad que satisfagan las necesidades de nuestros clientes.<\/p><p>Generar una experiencia \u00fanica \u00a0con nuestros clientes pacientes garantizando una excelente asesor\u00eda y un completo servicio. Soportada con un gran talento humano con conocimiento y experiencia, adem\u00e1s de tener tecnolog\u00eda de punta en nuestros equipos de diagn\u00f3stico y laboratorio.<\/p>\t\t\t\t\t\t<\/div>\n\t\t\t\t<\/div>\n\t\t\t\t\t<\/div>\n\t\t\t\t<\/div>\n\t\t<div class=\"elementor-element elementor-element-fcb91be e-con-boxed e-flex e-con\" data-id=\"fcb91be\" data-element_type=\"container\" data-settings=\"{&quot;background_background&quot;:&quot;video&quot;,&quot;background_video_link&quot;:&quot;https:\\\/\\\/vimeo.com\\\/932492941?share=copy&quot;,&quot;background_play_on_mobile&quot;:&quot;yes&quot;,&quot;content_width&quot;:&quot;boxed&quot;}\">\n\t\t\t\t\t<div class=\"e-con-inner\">\n\t\t<div class=\"elementor-background-video-container\">\n\t\t\t\t\t\t\t<div class=\"elementor-background-video-embed\"><\/div>\n\t\t\t\t\t\t<\/div>\t\t<div class=\"elementor-element elementor-element-8c2ce85 elementor-widget elementor-widget-image\" data-id=\"8c2ce85\" data-element_type=\"widget\" data-widget_type=\"image.default\">\n\t\t\t\t<div class=\"elementor-widget-container\">\n\t\t\t<style>\/*! elementor - v3.13.3 - 28-05-2023 *\/\n.elementor-widget-image{text-align:center}.elementor-widget-image a{display:inline-block}.elementor-widget-image a img[src$=\".svg\"]{width:48px}.elementor-widget-image img{vertical-align:middle;display:inline-block}<\/style>\t\t\t\t\t\t\t\t\t\t\t\t<img decoding=\"async\" width=\"800\" height=\"800\" src=\"https:\/\/visualplussoptica.com\/sitio\/wp-content\/uploads\/2024\/03\/woocommerce-placeholder.png\" class=\"attachment-large size-large wp-image-546\" alt=\"\" srcset=\"https:\/\/visualplussoptica.com\/sitio\/wp-content\/uploads\/2024\/03\/woocommerce-placeholder.png 1024w, https:\/\/visualplussoptica.com\/sitio\/wp-content\/uploads\/2024\/03\/woocommerce-placeholder-300x300.png 300w, https:\/\/visualplussoptica.com\/sitio\/wp-content\/uploads\/2024\/03\/woocommerce-placeholder-150x150.png 150w, https:\/\/visualplussoptica.com\/sitio\/wp-content\/uploads\/2024\/03\/woocommerce-placeholder-768x768.png 768w, https:\/\/visualplussoptica.com\/sitio\/wp-content\/uploads\/2024\/03\/woocommerce-placeholder-600x600.png 600w, https:\/\/visualplussoptica.com\/sitio\/wp-content\/uploads\/2024\/03\/woocommerce-placeholder-100x100.png 100w\" sizes=\"(max-width: 800px) 100vw, 800px\" \/>\t\t\t\t\t\t\t\t\t\t\t\t\t\t\t<\/div>\n\t\t\t\t<\/div>\n\t\t\t\t\t<\/div>\n\t\t\t\t<\/div>\n\t\t\t\t\t<\/div>\n\t\t\t\t<\/div>\n\t\t<div class=\"elementor-element elementor-element-324a1c3 e-con-boxed e-flex e-con\" data-id=\"324a1c3\" data-element_type=\"container\" data-settings=\"{&quot;content_width&quot;:&quot;boxed&quot;}\">\n\t\t\t\t\t<div class=\"e-con-inner\">\n\t\t<div class=\"elementor-element elementor-element-718b264 e-con-boxed e-flex e-con\" data-id=\"718b264\" data-element_type=\"container\" data-settings=\"{&quot;background_background&quot;:&quot;video&quot;,&quot;background_video_link&quot;:&quot;https:\\\/\\\/vimeo.com\\\/932492914?share=copy&quot;,&quot;background_play_on_mobile&quot;:&quot;yes&quot;,&quot;content_width&quot;:&quot;boxed&quot;}\">\n\t\t\t\t\t<div class=\"e-con-inner\">\n\t\t<div class=\"elementor-background-video-container\">\n\t\t\t\t\t\t\t<div class=\"elementor-background-video-embed\"><\/div>\n\t\t\t\t\t\t<\/div>\t\t<div class=\"elementor-element elementor-element-a9fdb79 elementor-widget elementor-widget-image\" data-id=\"a9fdb79\" data-element_type=\"widget\" data-widget_type=\"image.default\">\n\t\t\t\t<div class=\"elementor-widget-container\">\n\t\t\t\t\t\t\t\t\t\t\t\t\t\t\t<img decoding=\"async\" width=\"800\" height=\"800\" src=\"https:\/\/visualplussoptica.com\/sitio\/wp-content\/uploads\/2024\/03\/woocommerce-placeholder.png\" class=\"attachment-large size-large wp-image-546\" alt=\"\" srcset=\"https:\/\/visualplussoptica.com\/sitio\/wp-content\/uploads\/2024\/03\/woocommerce-placeholder.png 1024w, https:\/\/visualplussoptica.com\/sitio\/wp-content\/uploads\/2024\/03\/woocommerce-placeholder-300x300.png 300w, https:\/\/visualplussoptica.com\/sitio\/wp-content\/uploads\/2024\/03\/woocommerce-placeholder-150x150.png 150w, https:\/\/visualplussoptica.com\/sitio\/wp-content\/uploads\/2024\/03\/woocommerce-placeholder-768x768.png 768w, https:\/\/visualplussoptica.com\/sitio\/wp-content\/uploads\/2024\/03\/woocommerce-placeholder-600x600.png 600w, https:\/\/visualplussoptica.com\/sitio\/wp-content\/uploads\/2024\/03\/woocommerce-placeholder-100x100.png 100w\" sizes=\"(max-width: 800px) 100vw, 800px\" \/>\t\t\t\t\t\t\t\t\t\t\t\t\t\t\t<\/div>\n\t\t\t\t<\/div>\n\t\t\t\t\t<\/div>\n\t\t\t\t<\/div>\n\t\t<div class=\"elementor-element elementor-element-a49f67f e-con-boxed e-flex e-con\" data-id=\"a49f67f\" data-element_type=\"container\" data-settings=\"{&quot;content_width&quot;:&quot;boxed&quot;}\">\n\t\t\t\t\t<div class=\"e-con-inner\">\n\t\t\t\t<div class=\"elementor-element elementor-element-40df53a elementor-widget elementor-widget-heading\" data-id=\"40df53a\" data-element_type=\"widget\" data-widget_type=\"heading.default\">\n\t\t\t\t<div class=\"elementor-widget-container\">\n\t\t\t<h2 class=\"elementor-heading-title elementor-size-default\">Visi\u00f3n<\/h2>\t\t<\/div>\n\t\t\t\t<\/div>\n\t\t\t\t<div class=\"elementor-element elementor-element-101981e elementor-widget elementor-widget-text-editor\" data-id=\"101981e\" data-element_type=\"widget\" data-widget_type=\"text-editor.default\">\n\t\t\t\t<div class=\"elementor-widget-container\">\n\t\t\t\t\t\t\t<p>Consolidarnos como una de las \u00f3pticas m\u00e1s importantes de Colombia continuando con el desarrollo innovador que \u00a0nos caracteriza para satisfacer las necesidades de los Colombianos, diferenci\u00e1ndonos de las grandes cadenas de la industria nacional en los bajos precios fortalecimiento nuestro liderazgo como una de las \u00f3pticas de mayor cobertura nacional bajo el amparo de la tecnolog\u00eda, productividad, talento humano y un profundo esp\u00edritu de servicio.<\/p>\t\t\t\t\t\t<\/div>\n\t\t\t\t<\/div>\n\t\t\t\t\t<\/div>\n\t\t\t\t<\/div>\n\t\t\t\t\t<\/div>\n\t\t\t\t<\/div>\n\t\t<div class=\"elementor-element elementor-element-8c2a57e e-con-boxed e-flex e-con\" data-id=\"8c2a57e\" data-element_type=\"container\" data-settings=\"{&quot;content_width&quot;:&quot;boxed&quot;}\">\n\t\t\t\t\t<div class=\"e-con-inner\">\n\t\t<div class=\"elementor-element elementor-element-58a1d53 e-con-boxed e-flex e-con\" data-id=\"58a1d53\" data-element_type=\"container\" data-settings=\"{&quot;content_width&quot;:&quot;boxed&quot;}\">\n\t\t\t\t\t<div class=\"e-con-inner\">\n\t\t\t\t<div class=\"elementor-element elementor-element-85f764a elementor-widget elementor-widget-heading\" data-id=\"85f764a\" data-element_type=\"widget\" data-widget_type=\"heading.default\">\n\t\t\t\t<div class=\"elementor-widget-container\">\n\t\t\t<h2 class=\"elementor-heading-title elementor-size-default\">Valores<\/h2>\t\t<\/div>\n\t\t\t\t<\/div>\n\t\t\t\t<div class=\"elementor-element elementor-element-c3f7d03 elementor-widget elementor-widget-text-editor\" data-id=\"c3f7d03\" data-element_type=\"widget\" data-widget_type=\"text-editor.default\">\n\t\t\t\t<div class=\"elementor-widget-container\">\n\t\t\t\t\t\t\t<ul><li>Amor y Pasi\u00f3n por lo que hacemos<\/li><li>Compromiso y Lealtad con todo lo que ofrecemos<\/li><li>\u00c9tica y Honestidad de toda la familia\u00a0VisualPluss<\/li><\/ul>\t\t\t\t\t\t<\/div>\n\t\t\t\t<\/div>\n\t\t\t\t\t<\/div>\n\t\t\t\t<\/div>\n\t\t<div class=\"elementor-element elementor-element-f7d5456 e-con-boxed e-flex e-con\" data-id=\"f7d5456\" data-element_type=\"container\" data-settings=\"{&quot;background_background&quot;:&quot;video&quot;,&quot;background_video_link&quot;:&quot;https:\\\/\\\/vimeo.com\\\/932492971?share=copy&quot;,&quot;background_play_on_mobile&quot;:&quot;yes&quot;,&quot;content_width&quot;:&quot;boxed&quot;}\">\n\t\t\t\t\t<div class=\"e-con-inner\">\n\t\t<div class=\"elementor-background-video-container\">\n\t\t\t\t\t\t\t<div class=\"elementor-background-video-embed\"><\/div>\n\t\t\t\t\t\t<\/div>\t\t<div class=\"elementor-element elementor-element-6092e6a elementor-widget elementor-widget-image\" data-id=\"6092e6a\" data-element_type=\"widget\" data-widget_type=\"image.default\">\n\t\t\t\t<div class=\"elementor-widget-container\">\n\t\t\t\t\t\t\t\t\t\t\t\t\t\t\t<img decoding=\"async\" width=\"800\" height=\"800\" src=\"https:\/\/visualplussoptica.com\/sitio\/wp-content\/uploads\/2024\/03\/woocommerce-placeholder.png\" class=\"attachment-large size-large wp-image-546\" alt=\"\" srcset=\"https:\/\/visualplussoptica.com\/sitio\/wp-content\/uploads\/2024\/03\/woocommerce-placeholder.png 1024w, https:\/\/visualplussoptica.com\/sitio\/wp-content\/uploads\/2024\/03\/woocommerce-placeholder-300x300.png 300w, https:\/\/visualplussoptica.com\/sitio\/wp-content\/uploads\/2024\/03\/woocommerce-placeholder-150x150.png 150w, https:\/\/visualplussoptica.com\/sitio\/wp-content\/uploads\/2024\/03\/woocommerce-placeholder-768x768.png 768w, https:\/\/visualplussoptica.com\/sitio\/wp-content\/uploads\/2024\/03\/woocommerce-placeholder-600x600.png 600w, https:\/\/visualplussoptica.com\/sitio\/wp-content\/uploads\/2024\/03\/woocommerce-placeholder-100x100.png 100w\" sizes=\"(max-width: 800px) 100vw, 800px\" \/>\t\t\t\t\t\t\t\t\t\t\t\t\t\t\t<\/div>\n\t\t\t\t<\/div>\n\t\t\t\t\t<\/div>\n\t\t\t\t<\/div>\n\t\t\t\t\t<\/div>\n\t\t\t\t<\/div>\n\t\t\t\t\t\t\t<\/div>\n\t\t","protected":false},"excerpt":{"rendered":"<p>Misi\u00f3n Somos una empresa con presencia nacional comprometidos a resolver los problemas de salud visual de la poblaci\u00f3n Colombiana a trav\u00e9s de servicios profesionales de optometr\u00eda con equipos digitales de \u00faltima generaci\u00f3n. Adem\u00e1s una gran variedad de productos de vanguardia de la m\u00e1s alta calidad que satisfagan las necesidades de nuestros clientes. Generar una experiencia [&hellip;]<\/p>\n","protected":false},"author":1,"featured_media":0,"parent":0,"menu_order":0,"comment_status":"closed","ping_status":"closed","template":"","meta":{"_joinchat":[],"footnotes":""},"class_list":["post-42","page","type-page","status-publish","hentry"],"yoast_head":"<!-- This site is optimized with the Yoast SEO plugin v24.0 - https:\/\/yoast.com\/wordpress\/plugins\/seo\/ -->\n<title>\u00bfQui\u00e9nes somos? - Visual Plus<\/title>\n<meta name=\"description\" content=\"Somos una empresa con presencia nacional comprometidos a resolver los problemas de salud visual de la poblaci\u00f3n Colombiana a trav\u00e9s de servicios profesionales de optometr\u00eda con equipos digitales de \u00faltima generaci\u00f3n\" \/>\n<meta name=\"robots\" content=\"index, follow, max-snippet:-1, max-image-preview:large, max-video-preview:-1\" \/>\n<link rel=\"canonical\" href=\"https:\/\/visualplussoptica.com\/sitio\/quienes-somos\/\" \/>\n<meta property=\"og:locale\" content=\"es_ES\" \/>\n<meta property=\"og:type\" content=\"article\" \/>\n<meta property=\"og:title\" content=\"\u00bfQui\u00e9nes somos? - Visual Plus\" \/>\n<meta property=\"og:description\" content=\"Somos una empresa con presencia nacional comprometidos a resolver los problemas de salud visual de la poblaci\u00f3n Colombiana a trav\u00e9s de servicios profesionales de optometr\u00eda con equipos digitales de \u00faltima generaci\u00f3n\" \/>\n<meta property=\"og:url\" content=\"https:\/\/visualplussoptica.com\/sitio\/quienes-somos\/\" \/>\n<meta property=\"og:site_name\" content=\"Visual Plus\" \/>\n<meta property=\"article:publisher\" content=\"https:\/\/www.facebook.com\/VisualPluss\/\" \/>\n<meta property=\"article:modified_time\" content=\"2024-04-09T14:22:34+00:00\" \/>\n<meta property=\"og:image\" content=\"https:\/\/visualplussoptica.com\/sitio\/wp-content\/uploads\/2024\/03\/woocommerce-placeholder.png\" \/>\n<meta name=\"twitter:card\" content=\"summary_large_image\" \/>\n<meta name=\"twitter:label1\" content=\"Tiempo de lectura\" \/>\n\t<meta name=\"twitter:data1\" content=\"2 minutos\" \/>\n<script type=\"application\/ld+json\" class=\"yoast-schema-graph\">{\"@context\":\"https:\/\/schema.org\",\"@graph\":[{\"@type\":\"WebPage\",\"@id\":\"https:\/\/visualplussoptica.com\/sitio\/quienes-somos\/\",\"url\":\"https:\/\/visualplussoptica.com\/sitio\/quienes-somos\/\",\"name\":\"\u00bfQui\u00e9nes somos? - Visual Plus\",\"isPartOf\":{\"@id\":\"https:\/\/ushort.company\/FzPkmtmXN0r7\/#website\"},\"primaryImageOfPage\":{\"@id\":\"https:\/\/visualplussoptica.com\/sitio\/quienes-somos\/#primaryimage\"},\"image\":{\"@id\":\"https:\/\/visualplussoptica.com\/sitio\/quienes-somos\/#primaryimage\"},\"thumbnailUrl\":\"https:\/\/visualplussoptica.com\/sitio\/wp-content\/uploads\/2024\/03\/woocommerce-placeholder.png\",\"datePublished\":\"2023-11-30T18:08:13+00:00\",\"dateModified\":\"2024-04-09T14:22:34+00:00\",\"description\":\"Somos una empresa con presencia nacional comprometidos a resolver los problemas de salud visual de la poblaci\u00f3n Colombiana a trav\u00e9s de servicios profesionales de optometr\u00eda con equipos digitales de \u00faltima generaci\u00f3n\",\"breadcrumb\":{\"@id\":\"https:\/\/visualplussoptica.com\/sitio\/quienes-somos\/#breadcrumb\"},\"inLanguage\":\"es\",\"potentialAction\":[{\"@type\":\"ReadAction\",\"target\":[\"https:\/\/visualplussoptica.com\/sitio\/quienes-somos\/\"]}]},{\"@type\":\"ImageObject\",\"inLanguage\":\"es\",\"@id\":\"https:\/\/visualplussoptica.com\/sitio\/quienes-somos\/#primaryimage\",\"url\":\"https:\/\/visualplussoptica.com\/sitio\/wp-content\/uploads\/2024\/03\/woocommerce-placeholder.png\",\"contentUrl\":\"https:\/\/visualplussoptica.com\/sitio\/wp-content\/uploads\/2024\/03\/woocommerce-placeholder.png\",\"width\":1024,\"height\":1024},{\"@type\":\"BreadcrumbList\",\"@id\":\"https:\/\/visualplussoptica.com\/sitio\/quienes-somos\/#breadcrumb\",\"itemListElement\":[{\"@type\":\"ListItem\",\"position\":1,\"name\":\"Portada\",\"item\":\"https:\/\/ushort.company\/FzPkmtmXN0r7\/\"},{\"@type\":\"ListItem\",\"position\":2,\"name\":\"\u00bfQui\u00e9nes somos?\"}]},{\"@type\":\"WebSite\",\"@id\":\"https:\/\/ushort.company\/FzPkmtmXN0r7\/#website\",\"url\":\"https:\/\/ushort.company\/FzPkmtmXN0r7\/\",\"name\":\"Visual Plus\",\"description\":\"\",\"publisher\":{\"@id\":\"https:\/\/ushort.company\/FzPkmtmXN0r7\/#organization\"},\"potentialAction\":[{\"@type\":\"SearchAction\",\"target\":{\"@type\":\"EntryPoint\",\"urlTemplate\":\"https:\/\/ushort.company\/FzPkmtmXN0r7\/?s={search_term_string}\"},\"query-input\":{\"@type\":\"PropertyValueSpecification\",\"valueRequired\":true,\"valueName\":\"search_term_string\"}}],\"inLanguage\":\"es\"},{\"@type\":\"Organization\",\"@id\":\"https:\/\/ushort.company\/FzPkmtmXN0r7\/#organization\",\"name\":\"Visual Plus\",\"url\":\"https:\/\/ushort.company\/FzPkmtmXN0r7\/\",\"logo\":{\"@type\":\"ImageObject\",\"inLanguage\":\"es\",\"@id\":\"https:\/\/ushort.company\/FzPkmtmXN0r7\/#\/schema\/logo\/image\/\",\"url\":\"https:\/\/visualplussoptica.com\/sitio\/wp-content\/uploads\/2023\/11\/logo-web_Mesa-de-trabajo-1-1.svg\",\"contentUrl\":\"https:\/\/visualplussoptica.com\/sitio\/wp-content\/uploads\/2023\/11\/logo-web_Mesa-de-trabajo-1-1.svg\",\"width\":1527,\"height\":720,\"caption\":\"Visual Plus\"},\"image\":{\"@id\":\"https:\/\/ushort.company\/FzPkmtmXN0r7\/#\/schema\/logo\/image\/\"},\"sameAs\":[\"https:\/\/www.facebook.com\/VisualPluss\/\",\"https:\/\/www.instagram.com\/visualplussoptica\/\"]}]}<\/script>\n<!-- \/ Yoast SEO plugin. -->","yoast_head_json":{"title":"\u00bfQui\u00e9nes somos? - Visual Plus","description":"Somos una empresa con presencia nacional comprometidos a resolver los problemas de salud visual de la poblaci\u00f3n Colombiana a trav\u00e9s de servicios profesionales de optometr\u00eda con equipos digitales de \u00faltima generaci\u00f3n","robots":{"index":"index","follow":"follow","max-snippet":"max-snippet:-1","max-image-preview":"max-image-preview:large","max-video-preview":"max-video-preview:-1"},"canonical":"https:\/\/visualplussoptica.com\/sitio\/quienes-somos\/","og_locale":"es_ES","og_type":"article","og_title":"\u00bfQui\u00e9nes somos? - Visual Plus","og_description":"Somos una empresa con presencia nacional comprometidos a resolver los problemas de salud visual de la poblaci\u00f3n Colombiana a trav\u00e9s de servicios profesionales de optometr\u00eda con equipos digitales de \u00faltima generaci\u00f3n","og_url":"https:\/\/visualplussoptica.com\/sitio\/quienes-somos\/","og_site_name":"Visual Plus","article_publisher":"https:\/\/www.facebook.com\/VisualPluss\/","article_modified_time":"2024-04-09T14:22:34+00:00","og_image":[{"url":"https:\/\/visualplussoptica.com\/sitio\/wp-content\/uploads\/2024\/03\/woocommerce-placeholder.png","type":"","width":"","height":""}],"twitter_card":"summary_large_image","twitter_misc":{"Tiempo de lectura":"2 minutos"},"schema":{"@context":"https:\/\/schema.org","@graph":[{"@type":"WebPage","@id":"https:\/\/visualplussoptica.com\/sitio\/quienes-somos\/","url":"https:\/\/visualplussoptica.com\/sitio\/quienes-somos\/","name":"\u00bfQui\u00e9nes somos? - Visual Plus","isPartOf":{"@id":"https:\/\/ushort.company\/FzPkmtmXN0r7\/#website"},"primaryImageOfPage":{"@id":"https:\/\/visualplussoptica.com\/sitio\/quienes-somos\/#primaryimage"},"image":{"@id":"https:\/\/visualplussoptica.com\/sitio\/quienes-somos\/#primaryimage"},"thumbnailUrl":"https:\/\/visualplussoptica.com\/sitio\/wp-content\/uploads\/2024\/03\/woocommerce-placeholder.png","datePublished":"2023-11-30T18:08:13+00:00","dateModified":"2024-04-09T14:22:34+00:00","description":"Somos una empresa con presencia nacional comprometidos a resolver los problemas de salud visual de la poblaci\u00f3n Colombiana a trav\u00e9s de servicios profesionales de optometr\u00eda con equipos digitales de \u00faltima generaci\u00f3n","breadcrumb":{"@id":"https:\/\/visualplussoptica.com\/sitio\/quienes-somos\/#breadcrumb"},"inLanguage":"es","potentialAction":[{"@type":"ReadAction","target":["https:\/\/visualplussoptica.com\/sitio\/quienes-somos\/"]}]},{"@type":"ImageObject","inLanguage":"es","@id":"https:\/\/visualplussoptica.com\/sitio\/quienes-somos\/#primaryimage","url":"https:\/\/visualplussoptica.com\/sitio\/wp-content\/uploads\/2024\/03\/woocommerce-placeholder.png","contentUrl":"https:\/\/visualplussoptica.com\/sitio\/wp-content\/uploads\/2024\/03\/woocommerce-placeholder.png","width":1024,"height":1024},{"@type":"BreadcrumbList","@id":"https:\/\/visualplussoptica.com\/sitio\/quienes-somos\/#breadcrumb","itemListElement":[{"@type":"ListItem","position":1,"name":"Portada","item":"https:\/\/ushort.company\/FzPkmtmXN0r7\/"},{"@type":"ListItem","position":2,"name":"\u00bfQui\u00e9nes somos?"}]},{"@type":"WebSite","@id":"https:\/\/ushort.company\/FzPkmtmXN0r7\/#website","url":"https:\/\/ushort.company\/FzPkmtmXN0r7\/","name":"Visual Plus","description":"","publisher":{"@id":"https:\/\/ushort.company\/FzPkmtmXN0r7\/#organization"},"potentialAction":[{"@type":"SearchAction","target":{"@type":"EntryPoint","urlTemplate":"https:\/\/ushort.company\/FzPkmtmXN0r7\/?s={search_term_string}"},"query-input":{"@type":"PropertyValueSpecification","valueRequired":true,"valueName":"search_term_string"}}],"inLanguage":"es"},{"@type":"Organization","@id":"https:\/\/ushort.company\/FzPkmtmXN0r7\/#organization","name":"Visual Plus","url":"https:\/\/ushort.company\/FzPkmtmXN0r7\/","logo":{"@type":"ImageObject","inLanguage":"es","@id":"https:\/\/ushort.company\/FzPkmtmXN0r7\/#\/schema\/logo\/image\/","url":"https:\/\/visualplussoptica.com\/sitio\/wp-content\/uploads\/2023\/11\/logo-web_Mesa-de-trabajo-1-1.svg","contentUrl":"https:\/\/visualplussoptica.com\/sitio\/wp-content\/uploads\/2023\/11\/logo-web_Mesa-de-trabajo-1-1.svg","width":1527,"height":720,"caption":"Visual Plus"},"image":{"@id":"https:\/\/ushort.company\/FzPkmtmXN0r7\/#\/schema\/logo\/image\/"},"sameAs":["https:\/\/www.facebook.com\/VisualPluss\/","https:\/\/www.instagram.com\/visualplussoptica\/"]}]}},"_links":{"self":[{"href":"https:\/\/visualplussoptica.com\/sitio\/wp-json\/wp\/v2\/pages\/42","targetHints":{"allow":["GET"]}}],"collection":[{"href":"https:\/\/visualplussoptica.com\/sitio\/wp-json\/wp\/v2\/pages"}],"about":[{"href":"https:\/\/visualplussoptica.com\/sitio\/wp-json\/wp\/v2\/types\/page"}],"author":[{"embeddable":true,"href":"https:\/\/visualplussoptica.com\/sitio\/wp-json\/wp\/v2\/users\/1"}],"replies":[{"embeddable":true,"href":"https:\/\/visualplussoptica.com\/sitio\/wp-json\/wp\/v2\/comments?post=42"}],"version-history":[{"count":43,"href":"https:\/\/visualplussoptica.com\/sitio\/wp-json\/wp\/v2\/pages\/42\/revisions"}],"predecessor-version":[{"id":874,"href":"https:\/\/visualplussoptica.com\/sitio\/wp-json\/wp\/v2\/pages\/42\/revisions\/874"}],"wp:attachment":[{"href":"https:\/\/visualplussoptica.com\/sitio\/wp-json\/wp\/v2\/media?parent=42"}],"curies":[{"name":"wp","href":"https:\/\/api.w.org\/{rel}","templated":true}]}}